{"version":"1.0","provider_name":"A2C | Association des Agences de Communication Cr\u00e9ative","provider_url":"https:\/\/a2c.quebec\/en\/","author_name":"Nathalie Bourboulon","author_url":"https:\/\/a2c.quebec\/en\/author\/n-bourboulon\/","title":"Acad\u00e9mie A2C - A2C | Association des Agences de Communication Cr\u00e9ative","type":"rich","width":600,"height":338,"html":"<blockquote class=\"wp-embedded-content\" data-secret=\"coUID3aHXb\"><a href=\"https:\/\/a2c.quebec\/en\/evenements\/academie-a2c-7\/\">Acad\u00e9mie A2C<\/a><\/blockquote><iframe sandbox=\"allow-scripts\" security=\"restricted\" src=\"https:\/\/a2c.quebec\/en\/evenements\/academie-a2c-7\/embed\/#?secret=coUID3aHXb\" width=\"600\" height=\"338\" title=\"&#8220;Acad\u00e9mie A2C&#8221; &#8212; A2C | Association des Agences de Communication Cr\u00e9ative\" data-secret=\"coUID3aHXb\" frameborder=\"0\" marginwidth=\"0\" marginheight=\"0\" scrolling=\"no\" class=\"wp-embedded-content\"><\/iframe><script type=\"text\/javascript\">\n\/* <![CDATA[ *\/\n\/*! This file is auto-generated *\/\n!function(d,l){\"use strict\";l.querySelector&&d.addEventListener&&\"undefined\"!=typeof URL&&(d.wp=d.wp||{},d.wp.receiveEmbedMessage||(d.wp.receiveEmbedMessage=function(e){var t=e.data;if((t||t.secret||t.message||t.value)&&!\/[^a-zA-Z0-9]\/.test(t.secret)){for(var s,r,n,a=l.querySelectorAll('iframe[data-secret=\"'+t.secret+'\"]'),o=l.querySelectorAll('blockquote[data-secret=\"'+t.secret+'\"]'),c=new RegExp(\"^https?:$\",\"i\"),i=0;i<o.length;i++)o[i].style.display=\"none\";for(i=0;i<a.length;i++)s=a[i],e.source===s.contentWindow&&(s.removeAttribute(\"style\"),\"height\"===t.message?(1e3<(r=parseInt(t.value,10))?r=1e3:~~r<200&&(r=200),s.height=r):\"link\"===t.message&&(r=new URL(s.getAttribute(\"src\")),n=new URL(t.value),c.test(n.protocol))&&n.host===r.host&&l.activeElement===s&&(d.top.location.href=t.value))}},d.addEventListener(\"message\",d.wp.receiveEmbedMessage,!1),l.addEventListener(\"DOMContentLoaded\",function(){for(var e,t,s=l.querySelectorAll(\"iframe.wp-embedded-content\"),r=0;r<s.length;r++)(t=(e=s[r]).getAttribute(\"data-secret\"))||(t=Math.random().toString(36).substring(2,12),e.src+=\"#?secret=\"+t,e.setAttribute(\"data-secret\",t)),e.contentWindow.postMessage({message:\"ready\",secret:t},\"*\")},!1)))}(window,document);\n\/* ]]> *\/\n<\/script>\n","thumbnail_url":"https:\/\/a2c.quebec\/wp-content\/uploads\/2024\/01\/Academie_Site-Web.png","thumbnail_width":1400,"thumbnail_height":630,"description":"De retour pour une cinqui\u00e8me \u00e9dition, l&#8217;Acad\u00e9mie A2C est une formation unique en son genre pour les recrues en agence de communication cr\u00e9ative. Cette formation, d\u2019une dur\u00e9e de trois semaines cons\u00e9cutives (2 jours par semaine), d\u00e9di\u00e9e aux jeunes professionnel.les ayant un an ou moins d&#8217;exp\u00e9rience en agence permettra aux recrues d\u2019acqu\u00e9rir des comp\u00e9tences et des [&hellip;]"}