{"version":"1.0","provider_name":"A2C | Association des Agences de Communication Cr\u00e9ative","provider_url":"https:\/\/a2c.quebec\/en\/","author_name":"No\u00e9mie B\u00e9dard","author_url":"https:\/\/a2c.quebec\/en\/author\/n-bedard\/","title":"AGA et Sommet des dirigeant.es 2024 - A2C | Association des Agences de Communication Cr\u00e9ative","type":"rich","width":600,"height":338,"html":"<blockquote class=\"wp-embedded-content\" data-secret=\"Bi1qlOEKhg\"><a href=\"https:\/\/a2c.quebec\/en\/evenements\/aga-et-sommet-des-dirigeant-es-2024\/\">AGA et Sommet des dirigeant.es 2024<\/a><\/blockquote><iframe sandbox=\"allow-scripts\" security=\"restricted\" src=\"https:\/\/a2c.quebec\/en\/evenements\/aga-et-sommet-des-dirigeant-es-2024\/embed\/#?secret=Bi1qlOEKhg\" width=\"600\" height=\"338\" title=\"&#8220;AGA et Sommet des dirigeant.es 2024&#8221; &#8212; A2C | Association des Agences de Communication Cr\u00e9ative\" data-secret=\"Bi1qlOEKhg\" frameborder=\"0\" marginwidth=\"0\" marginheight=\"0\" scrolling=\"no\" class=\"wp-embedded-content\"><\/iframe><script type=\"text\/javascript\">\n\/* <![CDATA[ *\/\n\/*! This file is auto-generated *\/\n!function(d,l){\"use strict\";l.querySelector&&d.addEventListener&&\"undefined\"!=typeof URL&&(d.wp=d.wp||{},d.wp.receiveEmbedMessage||(d.wp.receiveEmbedMessage=function(e){var t=e.data;if((t||t.secret||t.message||t.value)&&!\/[^a-zA-Z0-9]\/.test(t.secret)){for(var s,r,n,a=l.querySelectorAll('iframe[data-secret=\"'+t.secret+'\"]'),o=l.querySelectorAll('blockquote[data-secret=\"'+t.secret+'\"]'),c=new RegExp(\"^https?:$\",\"i\"),i=0;i<o.length;i++)o[i].style.display=\"none\";for(i=0;i<a.length;i++)s=a[i],e.source===s.contentWindow&&(s.removeAttribute(\"style\"),\"height\"===t.message?(1e3<(r=parseInt(t.value,10))?r=1e3:~~r<200&&(r=200),s.height=r):\"link\"===t.message&&(r=new URL(s.getAttribute(\"src\")),n=new URL(t.value),c.test(n.protocol))&&n.host===r.host&&l.activeElement===s&&(d.top.location.href=t.value))}},d.addEventListener(\"message\",d.wp.receiveEmbedMessage,!1),l.addEventListener(\"DOMContentLoaded\",function(){for(var e,t,s=l.querySelectorAll(\"iframe.wp-embedded-content\"),r=0;r<s.length;r++)(t=(e=s[r]).getAttribute(\"data-secret\"))||(t=Math.random().toString(36).substring(2,12),e.src+=\"#?secret=\"+t,e.setAttribute(\"data-secret\",t)),e.contentWindow.postMessage({message:\"ready\",secret:t},\"*\")},!1)))}(window,document);\n\/* ]]> *\/\n<\/script>\n","thumbnail_url":"https:\/\/a2c.quebec\/wp-content\/uploads\/2024\/10\/A2C2024_Sommet-siteWeb1400x630-rev.png","thumbnail_width":1400,"thumbnail_height":630,"description":"Joignez-vous au forum de la haute direction d&#8217;agence au Qu\u00e9bec! &nbsp; Le\u202fSommet des dirigeant.es est de retour le 20 novembre prochain! Le temps d\u2019une journ\u00e9e o\u00f9 la comp\u00e9tition sera mise de c\u00f4t\u00e9, venez discuter avec vos pairs des opportunit\u00e9s de progression pour votre entreprise et, par extension, de toute l\u2019industrie de la communication strat\u00e9gique et [&hellip;]"}