{"version":"1.0","provider_name":"A2C | Association des Agences de Communication Cr\u00e9ative","provider_url":"https:\/\/a2c.quebec\/en\/","author_name":"\u00c9lise Agrapart","author_url":"https:\/\/a2c.quebec\/en\/author\/e-agrapart\/","title":"Atelier de r\u00e9daction de cas m\u00e9dia | Id\u00e9a 2026 - A2C | Association des Agences de Communication Cr\u00e9ative","type":"rich","width":600,"height":338,"html":"<blockquote class=\"wp-embedded-content\" data-secret=\"dRPH18CkCW\"><a href=\"https:\/\/a2c.quebec\/en\/evenements\/atelier-cas-media-2026\/\">Atelier de r\u00e9daction de cas m\u00e9dia | Id\u00e9a 2026<\/a><\/blockquote><iframe sandbox=\"allow-scripts\" security=\"restricted\" src=\"https:\/\/a2c.quebec\/en\/evenements\/atelier-cas-media-2026\/embed\/#?secret=dRPH18CkCW\" width=\"600\" height=\"338\" title=\"&#8220;Atelier de r\u00e9daction de cas m\u00e9dia | Id\u00e9a 2026&#8221; &#8212; A2C | Association des Agences de Communication Cr\u00e9ative\" data-secret=\"dRPH18CkCW\" frameborder=\"0\" marginwidth=\"0\" marginheight=\"0\" scrolling=\"no\" class=\"wp-embedded-content\"><\/iframe><script type=\"text\/javascript\">\n\/* <![CDATA[ *\/\n\/*! This file is auto-generated *\/\n!function(d,l){\"use strict\";l.querySelector&&d.addEventListener&&\"undefined\"!=typeof URL&&(d.wp=d.wp||{},d.wp.receiveEmbedMessage||(d.wp.receiveEmbedMessage=function(e){var t=e.data;if((t||t.secret||t.message||t.value)&&!\/[^a-zA-Z0-9]\/.test(t.secret)){for(var s,r,n,a=l.querySelectorAll('iframe[data-secret=\"'+t.secret+'\"]'),o=l.querySelectorAll('blockquote[data-secret=\"'+t.secret+'\"]'),c=new RegExp(\"^https?:$\",\"i\"),i=0;i<o.length;i++)o[i].style.display=\"none\";for(i=0;i<a.length;i++)s=a[i],e.source===s.contentWindow&&(s.removeAttribute(\"style\"),\"height\"===t.message?(1e3<(r=parseInt(t.value,10))?r=1e3:~~r<200&&(r=200),s.height=r):\"link\"===t.message&&(r=new URL(s.getAttribute(\"src\")),n=new URL(t.value),c.test(n.protocol))&&n.host===r.host&&l.activeElement===s&&(d.top.location.href=t.value))}},d.addEventListener(\"message\",d.wp.receiveEmbedMessage,!1),l.addEventListener(\"DOMContentLoaded\",function(){for(var e,t,s=l.querySelectorAll(\"iframe.wp-embedded-content\"),r=0;r<s.length;r++)(t=(e=s[r]).getAttribute(\"data-secret\"))||(t=Math.random().toString(36).substring(2,12),e.src+=\"#?secret=\"+t,e.setAttribute(\"data-secret\",t)),e.contentWindow.postMessage({message:\"ready\",secret:t},\"*\")},!1)))}(window,document);\n\/* ]]> *\/\n<\/script>\n","thumbnail_url":"http:\/\/a2c.quebec\/wp-content\/uploads\/2026\/01\/1400x630_Atelier_Categorie_Media.jpg","thumbnail_width":1400,"thumbnail_height":630,"description":"La p\u00e9riode de soumission pour l\u2019\u00e9dition 2026 du concours Id\u00e9a est en cours! Un webinaire est propos\u00e9 pour vous outiller en termes de r\u00e9daction de cas pour le volet M\u00e9dia. Parmi les sujets couverts : Bien r\u00e9pondre aux crit\u00e8res d\u2019\u00e9valuation et aux questions pos\u00e9es, selon la cat\u00e9gorie Bien cerner les attentes du jury\u00a0 S\u00e9lectionner les [&hellip;]"}