{"version":"1.0","provider_name":"A2C | Association des Agences de Communication Cr\u00e9ative","provider_url":"https:\/\/a2c.quebec\/en\/","author_name":"A2C | Association des Agences de Communication Cr\u00e9ative","author_url":"https:\/\/a2c.quebec\/en\/","title":"Cours Leadership cr\u00e9atif - Factry (Cohorte 7) - A2C | Association des Agences de Communication Cr\u00e9ative","type":"rich","width":600,"height":338,"html":"<blockquote class=\"wp-embedded-content\" data-secret=\"BVJa78KA9o\"><a href=\"https:\/\/a2c.quebec\/en\/evenements\/cours-leadership-creatif-factry-cohorte-7-2\/\">Cours Leadership cr\u00e9atif &#8211; Factry (Cohorte 7)<\/a><\/blockquote><iframe sandbox=\"allow-scripts\" security=\"restricted\" src=\"https:\/\/a2c.quebec\/en\/evenements\/cours-leadership-creatif-factry-cohorte-7-2\/embed\/#?secret=BVJa78KA9o\" width=\"600\" height=\"338\" title=\"&#8220;Cours Leadership cr\u00e9atif &#8211; Factry (Cohorte 7)&#8221; &#8212; A2C | Association des Agences de Communication Cr\u00e9ative\" data-secret=\"BVJa78KA9o\" frameborder=\"0\" marginwidth=\"0\" marginheight=\"0\" scrolling=\"no\" class=\"wp-embedded-content\"><\/iframe><script type=\"text\/javascript\">\n\/* <![CDATA[ *\/\n\/*! This file is auto-generated *\/\n!function(d,l){\"use strict\";l.querySelector&&d.addEventListener&&\"undefined\"!=typeof URL&&(d.wp=d.wp||{},d.wp.receiveEmbedMessage||(d.wp.receiveEmbedMessage=function(e){var t=e.data;if((t||t.secret||t.message||t.value)&&!\/[^a-zA-Z0-9]\/.test(t.secret)){for(var s,r,n,a=l.querySelectorAll('iframe[data-secret=\"'+t.secret+'\"]'),o=l.querySelectorAll('blockquote[data-secret=\"'+t.secret+'\"]'),c=new RegExp(\"^https?:$\",\"i\"),i=0;i<o.length;i++)o[i].style.display=\"none\";for(i=0;i<a.length;i++)s=a[i],e.source===s.contentWindow&&(s.removeAttribute(\"style\"),\"height\"===t.message?(1e3<(r=parseInt(t.value,10))?r=1e3:~~r<200&&(r=200),s.height=r):\"link\"===t.message&&(r=new URL(s.getAttribute(\"src\")),n=new URL(t.value),c.test(n.protocol))&&n.host===r.host&&l.activeElement===s&&(d.top.location.href=t.value))}},d.addEventListener(\"message\",d.wp.receiveEmbedMessage,!1),l.addEventListener(\"DOMContentLoaded\",function(){for(var e,t,s=l.querySelectorAll(\"iframe.wp-embedded-content\"),r=0;r<s.length;r++)(t=(e=s[r]).getAttribute(\"data-secret\"))||(t=Math.random().toString(36).substring(2,12),e.src+=\"#?secret=\"+t,e.setAttribute(\"data-secret\",t)),e.contentWindow.postMessage({message:\"ready\",secret:t},\"*\")},!1)))}(window,document);\n\/* ]]> *\/\n<\/script>\n","thumbnail_url":"https:\/\/a2c.quebec\/wp-content\/uploads\/2018\/12\/leadership-creatif-1-1024x1024.jpg","thumbnail_width":1024,"thumbnail_height":1024,"description":"Inspirez le changement dans votre organisation. &nbsp; Le cours Leadership cr\u00e9atif&nbsp;de la Factry forme des visionnaires capables d\u2019activer la force cr\u00e9ative d\u2019une \u00e9quipe de travail, de bousculer les habitudes et de mettre au point des solutions innovantes \u00e0 des enjeux d\u2019affaires ou de soci\u00e9t\u00e9. C\u2019est \u00e0 travers diff\u00e9rents ateliers pratiques, \u00e9changes et exp\u00e9riences qu\u2019un contenu [&hellip;]"}