{"version":"1.0","provider_name":"A2C | Association des Agences de Communication Cr\u00e9ative","provider_url":"https:\/\/a2c.quebec\/en\/","author_name":"A2C | Association des Agences de Communication Cr\u00e9ative","author_url":"https:\/\/a2c.quebec\/en\/","title":"Design d\u2019exp\u00e9rience utilisateur (UX) \u2013 niveau 2 | Grenier formations - A2C | Association des Agences de Communication Cr\u00e9ative","type":"rich","width":600,"height":338,"html":"<blockquote class=\"wp-embedded-content\" data-secret=\"Qm4km81sUa\"><a href=\"https:\/\/a2c.quebec\/en\/evenements\/design-dexperience-utilisateur-ux-niveau-2-grenier-formations\/\">Design d\u2019exp\u00e9rience utilisateur (UX) \u2013 niveau 2 | Grenier formations<\/a><\/blockquote><iframe sandbox=\"allow-scripts\" security=\"restricted\" src=\"https:\/\/a2c.quebec\/en\/evenements\/design-dexperience-utilisateur-ux-niveau-2-grenier-formations\/embed\/#?secret=Qm4km81sUa\" width=\"600\" height=\"338\" title=\"&#8220;Design d\u2019exp\u00e9rience utilisateur (UX) \u2013 niveau 2 | Grenier formations&#8221; &#8212; A2C | Association des Agences de Communication Cr\u00e9ative\" data-secret=\"Qm4km81sUa\" frameborder=\"0\" marginwidth=\"0\" marginheight=\"0\" scrolling=\"no\" class=\"wp-embedded-content\"><\/iframe><script type=\"text\/javascript\">\n\/* <![CDATA[ *\/\n\/*! This file is auto-generated *\/\n!function(d,l){\"use strict\";l.querySelector&&d.addEventListener&&\"undefined\"!=typeof URL&&(d.wp=d.wp||{},d.wp.receiveEmbedMessage||(d.wp.receiveEmbedMessage=function(e){var t=e.data;if((t||t.secret||t.message||t.value)&&!\/[^a-zA-Z0-9]\/.test(t.secret)){for(var s,r,n,a=l.querySelectorAll('iframe[data-secret=\"'+t.secret+'\"]'),o=l.querySelectorAll('blockquote[data-secret=\"'+t.secret+'\"]'),c=new RegExp(\"^https?:$\",\"i\"),i=0;i<o.length;i++)o[i].style.display=\"none\";for(i=0;i<a.length;i++)s=a[i],e.source===s.contentWindow&&(s.removeAttribute(\"style\"),\"height\"===t.message?(1e3<(r=parseInt(t.value,10))?r=1e3:~~r<200&&(r=200),s.height=r):\"link\"===t.message&&(r=new URL(s.getAttribute(\"src\")),n=new URL(t.value),c.test(n.protocol))&&n.host===r.host&&l.activeElement===s&&(d.top.location.href=t.value))}},d.addEventListener(\"message\",d.wp.receiveEmbedMessage,!1),l.addEventListener(\"DOMContentLoaded\",function(){for(var e,t,s=l.querySelectorAll(\"iframe.wp-embedded-content\"),r=0;r<s.length;r++)(t=(e=s[r]).getAttribute(\"data-secret\"))||(t=Math.random().toString(36).substring(2,12),e.src+=\"#?secret=\"+t,e.setAttribute(\"data-secret\",t)),e.contentWindow.postMessage({message:\"ready\",secret:t},\"*\")},!1)))}(window,document);\n\/* ]]> *\/\n<\/script>\n","thumbnail_url":"https:\/\/a2c.quebec\/wp-content\/uploads\/2022\/04\/pexels-picjumbocom-196644.jpg","thumbnail_width":4000,"thumbnail_height":2667,"description":"Humaniser l\u2019exp\u00e9rience client en optimisant l\u2019exp\u00e9rience utilisateur. Visez l\u2019utilisabilit\u00e9! \u00c0 qui s&#8217;adresse cette formation D&#8217;un niveau interm\u00e9diaire \u00e0 avanc\u00e9, cette formation s&#8217;adresse aux web designer, d\u00e9veloppeur Web, chef de projet, analyste d\u2019affaires et toutes personnes qui souhaitent placer l\u2019exp\u00e9rience utilisateur au coeur du d\u00e9veloppement. Objectifs sp\u00e9cifiques Apprendre les diff\u00e9rentes \u00e9tapes du d\u00e9veloppement d\u2019un projet UX [&hellip;]"}