{"version":"1.0","provider_name":"A2C | Association des Agences de Communication Cr\u00e9ative","provider_url":"https:\/\/a2c.quebec\/en\/","author_name":"A2C | Association des Agences de Communication Cr\u00e9ative","author_url":"https:\/\/a2c.quebec\/en\/","title":"\u00catre un leader cr\u00e9atif et inspirant - A2C | Association des Agences de Communication Cr\u00e9ative","type":"rich","width":600,"height":338,"html":"<blockquote class=\"wp-embedded-content\" data-secret=\"PijS13OIyV\"><a href=\"https:\/\/a2c.quebec\/en\/evenements\/etre-un-leader-creatif-et-inspirant\/\">\u00catre un leader cr\u00e9atif et inspirant<\/a><\/blockquote><iframe sandbox=\"allow-scripts\" security=\"restricted\" src=\"https:\/\/a2c.quebec\/en\/evenements\/etre-un-leader-creatif-et-inspirant\/embed\/#?secret=PijS13OIyV\" width=\"600\" height=\"338\" title=\"&#8220;\u00catre un leader cr\u00e9atif et inspirant&#8221; &#8212; A2C | Association des Agences de Communication Cr\u00e9ative\" data-secret=\"PijS13OIyV\" frameborder=\"0\" marginwidth=\"0\" marginheight=\"0\" scrolling=\"no\" class=\"wp-embedded-content\"><\/iframe><script type=\"text\/javascript\">\n\/* <![CDATA[ *\/\n\/*! This file is auto-generated *\/\n!function(d,l){\"use strict\";l.querySelector&&d.addEventListener&&\"undefined\"!=typeof URL&&(d.wp=d.wp||{},d.wp.receiveEmbedMessage||(d.wp.receiveEmbedMessage=function(e){var t=e.data;if((t||t.secret||t.message||t.value)&&!\/[^a-zA-Z0-9]\/.test(t.secret)){for(var s,r,n,a=l.querySelectorAll('iframe[data-secret=\"'+t.secret+'\"]'),o=l.querySelectorAll('blockquote[data-secret=\"'+t.secret+'\"]'),c=new RegExp(\"^https?:$\",\"i\"),i=0;i<o.length;i++)o[i].style.display=\"none\";for(i=0;i<a.length;i++)s=a[i],e.source===s.contentWindow&&(s.removeAttribute(\"style\"),\"height\"===t.message?(1e3<(r=parseInt(t.value,10))?r=1e3:~~r<200&&(r=200),s.height=r):\"link\"===t.message&&(r=new URL(s.getAttribute(\"src\")),n=new URL(t.value),c.test(n.protocol))&&n.host===r.host&&l.activeElement===s&&(d.top.location.href=t.value))}},d.addEventListener(\"message\",d.wp.receiveEmbedMessage,!1),l.addEventListener(\"DOMContentLoaded\",function(){for(var e,t,s=l.querySelectorAll(\"iframe.wp-embedded-content\"),r=0;r<s.length;r++)(t=(e=s[r]).getAttribute(\"data-secret\"))||(t=Math.random().toString(36).substring(2,12),e.src+=\"#?secret=\"+t,e.setAttribute(\"data-secret\",t)),e.contentWindow.postMessage({message:\"ready\",secret:t},\"*\")},!1)))}(window,document);\n\/* ]]> *\/\n<\/script>\n","thumbnail_url":"https:\/\/a2c.quebec\/wp-content\/uploads\/2019\/03\/campus-photo4-a2c.jpeg","thumbnail_width":1920,"thumbnail_height":1279,"description":"S\u2019affirmer, c\u2019est d\u00e9ployer sur la sc\u00e8ne ext\u00e9rieure, dans notre travail comme ailleurs, la richesse des id\u00e9es et des motivations qui nous habitent. C\u2019est en s\u2019affirmant que chacun exerce son influence et favorise des r\u00e9sultats positifs. &nbsp; Cette journ\u00e9e sera consacr\u00e9e \u00e0 comprendre et \u00e0 exp\u00e9rimenter les diff\u00e9rentes composantes de l\u2019affirmation de soi et leur impact [&hellip;]"}