{"version":"1.0","provider_name":"A2C | Association des Agences de Communication Cr\u00e9ative","provider_url":"https:\/\/a2c.quebec\/en\/","author_name":"No\u00e9mie B\u00e9dard","author_url":"https:\/\/a2c.quebec\/en\/author\/n-bedard\/","title":"Storytelling | Factry - A2C | Association des Agences de Communication Cr\u00e9ative","type":"rich","width":600,"height":338,"html":"<blockquote class=\"wp-embedded-content\" data-secret=\"nvnzL7vb8a\"><a href=\"https:\/\/a2c.quebec\/en\/evenements\/formation-factry-storytelling\/\">Storytelling | Factry<\/a><\/blockquote><iframe sandbox=\"allow-scripts\" security=\"restricted\" src=\"https:\/\/a2c.quebec\/en\/evenements\/formation-factry-storytelling\/embed\/#?secret=nvnzL7vb8a\" width=\"600\" height=\"338\" title=\"&#8220;Storytelling | Factry&#8221; &#8212; A2C | Association des Agences de Communication Cr\u00e9ative\" data-secret=\"nvnzL7vb8a\" frameborder=\"0\" marginwidth=\"0\" marginheight=\"0\" scrolling=\"no\" class=\"wp-embedded-content\"><\/iframe><script type=\"text\/javascript\">\n\/* <![CDATA[ *\/\n\/*! This file is auto-generated *\/\n!function(d,l){\"use strict\";l.querySelector&&d.addEventListener&&\"undefined\"!=typeof URL&&(d.wp=d.wp||{},d.wp.receiveEmbedMessage||(d.wp.receiveEmbedMessage=function(e){var t=e.data;if((t||t.secret||t.message||t.value)&&!\/[^a-zA-Z0-9]\/.test(t.secret)){for(var s,r,n,a=l.querySelectorAll('iframe[data-secret=\"'+t.secret+'\"]'),o=l.querySelectorAll('blockquote[data-secret=\"'+t.secret+'\"]'),c=new RegExp(\"^https?:$\",\"i\"),i=0;i<o.length;i++)o[i].style.display=\"none\";for(i=0;i<a.length;i++)s=a[i],e.source===s.contentWindow&&(s.removeAttribute(\"style\"),\"height\"===t.message?(1e3<(r=parseInt(t.value,10))?r=1e3:~~r<200&&(r=200),s.height=r):\"link\"===t.message&&(r=new URL(s.getAttribute(\"src\")),n=new URL(t.value),c.test(n.protocol))&&n.host===r.host&&l.activeElement===s&&(d.top.location.href=t.value))}},d.addEventListener(\"message\",d.wp.receiveEmbedMessage,!1),l.addEventListener(\"DOMContentLoaded\",function(){for(var e,t,s=l.querySelectorAll(\"iframe.wp-embedded-content\"),r=0;r<s.length;r++)(t=(e=s[r]).getAttribute(\"data-secret\"))||(t=Math.random().toString(36).substring(2,12),e.src+=\"#?secret=\"+t,e.setAttribute(\"data-secret\",t)),e.contentWindow.postMessage({message:\"ready\",secret:t},\"*\")},!1)))}(window,document);\n\/* ]]> *\/\n<\/script>\n","thumbnail_url":"https:\/\/a2c.quebec\/wp-content\/uploads\/2024\/01\/Storytelling.jpeg","thumbnail_width":2048,"thumbnail_height":1367,"description":"Structurer une histoire pour marquer les esprits. On ne na\u00eet pas conteur, on le devient. Cet atelier de storytelling aide les participant.es \u00e0 aiguiser leur talent pour raconter une histoire et \u00e0 \u00eatre plus persuasif.ves. Ils et elles apprennent \u00e0 am\u00e9liorer leurs pr\u00e9sentations, \u00e0 passer un message clairement et \u00e0 avoir l\u2019impact n\u00e9cessaire pour marquer [&hellip;]"}