{"version":"1.0","provider_name":"A2C | Association des Agences de Communication Cr\u00e9ative","provider_url":"https:\/\/a2c.quebec\/en\/","author_name":"No\u00e9mie B\u00e9dard","author_url":"https:\/\/a2c.quebec\/en\/author\/n-bedard\/","title":"IA et cr\u00e9ativit\u00e9 | Factry - A2C | Association des Agences de Communication Cr\u00e9ative","type":"rich","width":600,"height":338,"html":"<blockquote class=\"wp-embedded-content\" data-secret=\"Ry6lJ90yPg\"><a href=\"https:\/\/a2c.quebec\/en\/evenements\/formation-factry-storytelling-2-2\/\">IA et cr\u00e9ativit\u00e9 | Factry<\/a><\/blockquote><iframe sandbox=\"allow-scripts\" security=\"restricted\" src=\"https:\/\/a2c.quebec\/en\/evenements\/formation-factry-storytelling-2-2\/embed\/#?secret=Ry6lJ90yPg\" width=\"600\" height=\"338\" title=\"&#8220;IA et cr\u00e9ativit\u00e9 | Factry&#8221; &#8212; A2C | Association des Agences de Communication Cr\u00e9ative\" data-secret=\"Ry6lJ90yPg\" frameborder=\"0\" marginwidth=\"0\" marginheight=\"0\" scrolling=\"no\" class=\"wp-embedded-content\"><\/iframe><script type=\"text\/javascript\">\n\/* <![CDATA[ *\/\n\/*! This file is auto-generated *\/\n!function(d,l){\"use strict\";l.querySelector&&d.addEventListener&&\"undefined\"!=typeof URL&&(d.wp=d.wp||{},d.wp.receiveEmbedMessage||(d.wp.receiveEmbedMessage=function(e){var t=e.data;if((t||t.secret||t.message||t.value)&&!\/[^a-zA-Z0-9]\/.test(t.secret)){for(var s,r,n,a=l.querySelectorAll('iframe[data-secret=\"'+t.secret+'\"]'),o=l.querySelectorAll('blockquote[data-secret=\"'+t.secret+'\"]'),c=new RegExp(\"^https?:$\",\"i\"),i=0;i<o.length;i++)o[i].style.display=\"none\";for(i=0;i<a.length;i++)s=a[i],e.source===s.contentWindow&&(s.removeAttribute(\"style\"),\"height\"===t.message?(1e3<(r=parseInt(t.value,10))?r=1e3:~~r<200&&(r=200),s.height=r):\"link\"===t.message&&(r=new URL(s.getAttribute(\"src\")),n=new URL(t.value),c.test(n.protocol))&&n.host===r.host&&l.activeElement===s&&(d.top.location.href=t.value))}},d.addEventListener(\"message\",d.wp.receiveEmbedMessage,!1),l.addEventListener(\"DOMContentLoaded\",function(){for(var e,t,s=l.querySelectorAll(\"iframe.wp-embedded-content\"),r=0;r<s.length;r++)(t=(e=s[r]).getAttribute(\"data-secret\"))||(t=Math.random().toString(36).substring(2,12),e.src+=\"#?secret=\"+t,e.setAttribute(\"data-secret\",t)),e.contentWindow.postMessage({message:\"ready\",secret:t},\"*\")},!1)))}(window,document);\n\/* ]]> *\/\n<\/script>\n","thumbnail_url":"https:\/\/a2c.quebec\/wp-content\/uploads\/2024\/01\/IA-et-crea.jpeg","thumbnail_width":2048,"thumbnail_height":1365,"description":"Innover en associant la puissance de l\u2019intelligence artificielle \u00e0 la force de la cr\u00e9ativit\u00e9. En s\u2019appuyant sur les techniques \u00e9volutives du monde de l\u2019IA et des industries cr\u00e9atives, les participant.es apprennent \u00e0 int\u00e9grer l\u2019IA dans leur processus de cr\u00e9ation et \u00e0 explorer de nouvelles fa\u00e7ons de g\u00e9n\u00e9rer des id\u00e9es et d\u2019enrichir leurs concepts cr\u00e9atifs. En [&hellip;]"}