{"version":"1.0","provider_name":"A2C | Association des Agences de Communication Cr\u00e9ative","provider_url":"https:\/\/a2c.quebec\/en\/","author_name":"A2C | Association des Agences de Communication Cr\u00e9ative","author_url":"https:\/\/a2c.quebec\/en\/","title":"Forum strat\u00e9gique sur les industries cr\u00e9atives - CCMM - A2C | Association des Agences de Communication Cr\u00e9ative","type":"rich","width":600,"height":338,"html":"<blockquote class=\"wp-embedded-content\" data-secret=\"Lb9GuT8oAH\"><a href=\"https:\/\/a2c.quebec\/en\/evenements\/forum-strategique-sur-les-industries-creatives-ccmm\/\">Forum strat\u00e9gique sur les industries cr\u00e9atives &#8211; CCMM<\/a><\/blockquote><iframe sandbox=\"allow-scripts\" security=\"restricted\" src=\"https:\/\/a2c.quebec\/en\/evenements\/forum-strategique-sur-les-industries-creatives-ccmm\/embed\/#?secret=Lb9GuT8oAH\" width=\"600\" height=\"338\" title=\"&#8220;Forum strat\u00e9gique sur les industries cr\u00e9atives &#8211; CCMM&#8221; &#8212; A2C | Association des Agences de Communication Cr\u00e9ative\" data-secret=\"Lb9GuT8oAH\" frameborder=\"0\" marginwidth=\"0\" marginheight=\"0\" scrolling=\"no\" class=\"wp-embedded-content\"><\/iframe><script type=\"text\/javascript\">\n\/* <![CDATA[ *\/\n\/*! This file is auto-generated *\/\n!function(d,l){\"use strict\";l.querySelector&&d.addEventListener&&\"undefined\"!=typeof URL&&(d.wp=d.wp||{},d.wp.receiveEmbedMessage||(d.wp.receiveEmbedMessage=function(e){var t=e.data;if((t||t.secret||t.message||t.value)&&!\/[^a-zA-Z0-9]\/.test(t.secret)){for(var s,r,n,a=l.querySelectorAll('iframe[data-secret=\"'+t.secret+'\"]'),o=l.querySelectorAll('blockquote[data-secret=\"'+t.secret+'\"]'),c=new RegExp(\"^https?:$\",\"i\"),i=0;i<o.length;i++)o[i].style.display=\"none\";for(i=0;i<a.length;i++)s=a[i],e.source===s.contentWindow&&(s.removeAttribute(\"style\"),\"height\"===t.message?(1e3<(r=parseInt(t.value,10))?r=1e3:~~r<200&&(r=200),s.height=r):\"link\"===t.message&&(r=new URL(s.getAttribute(\"src\")),n=new URL(t.value),c.test(n.protocol))&&n.host===r.host&&l.activeElement===s&&(d.top.location.href=t.value))}},d.addEventListener(\"message\",d.wp.receiveEmbedMessage,!1),l.addEventListener(\"DOMContentLoaded\",function(){for(var e,t,s=l.querySelectorAll(\"iframe.wp-embedded-content\"),r=0;r<s.length;r++)(t=(e=s[r]).getAttribute(\"data-secret\"))||(t=Math.random().toString(36).substring(2,12),e.src+=\"#?secret=\"+t,e.setAttribute(\"data-secret\",t)),e.contentWindow.postMessage({message:\"ready\",secret:t},\"*\")},!1)))}(window,document);\n\/* ]]> *\/\n<\/script>\n","thumbnail_url":"https:\/\/a2c.quebec\/wp-content\/uploads\/2018\/11\/city-skyline-montreal-canada.jpg","thumbnail_width":1280,"thumbnail_height":859,"description":"Nos industries cr\u00e9atives participent grandement au d\u00e9veloppement et \u00e0 l\u2019essor \u00e9conomique de la m\u00e9tropole. Elles nous font briller partout dans le monde gr\u00e2ce \u00e0 leur dynamisme et \u00e0 leur cr\u00e9ativit\u00e9 innovante. &nbsp; Le 3 d\u00e9cembre, le Forum strat\u00e9gique sur les industries cr\u00e9atives de la Chambre de commerce du Montr\u00e9al m\u00e9tropolitain (CCMM) r\u00e9unira les plus grands [&hellip;]"}