{"version":"1.0","provider_name":"A2C | Association des Agences de Communication Cr\u00e9ative","provider_url":"https:\/\/a2c.quebec\/en\/","author_name":"A2C | Association des Agences de Communication Cr\u00e9ative","author_url":"https:\/\/a2c.quebec\/en\/","title":"Gestion d\u2019une production \u00e9coresponsable - A2C | Association des Agences de Communication Cr\u00e9ative","type":"rich","width":600,"height":338,"html":"<blockquote class=\"wp-embedded-content\" data-secret=\"jOx7UPdN8h\"><a href=\"https:\/\/a2c.quebec\/en\/evenements\/gestion-dune-production-ecoresponsable\/\">Gestion d\u2019une production \u00e9coresponsable<\/a><\/blockquote><iframe sandbox=\"allow-scripts\" security=\"restricted\" src=\"https:\/\/a2c.quebec\/en\/evenements\/gestion-dune-production-ecoresponsable\/embed\/#?secret=jOx7UPdN8h\" width=\"600\" height=\"338\" title=\"&#8220;Gestion d\u2019une production \u00e9coresponsable&#8221; &#8212; A2C | Association des Agences de Communication Cr\u00e9ative\" data-secret=\"jOx7UPdN8h\" frameborder=\"0\" marginwidth=\"0\" marginheight=\"0\" scrolling=\"no\" class=\"wp-embedded-content\"><\/iframe><script type=\"text\/javascript\">\n\/* <![CDATA[ *\/\n\/*! This file is auto-generated *\/\n!function(d,l){\"use strict\";l.querySelector&&d.addEventListener&&\"undefined\"!=typeof URL&&(d.wp=d.wp||{},d.wp.receiveEmbedMessage||(d.wp.receiveEmbedMessage=function(e){var t=e.data;if((t||t.secret||t.message||t.value)&&!\/[^a-zA-Z0-9]\/.test(t.secret)){for(var s,r,n,a=l.querySelectorAll('iframe[data-secret=\"'+t.secret+'\"]'),o=l.querySelectorAll('blockquote[data-secret=\"'+t.secret+'\"]'),c=new RegExp(\"^https?:$\",\"i\"),i=0;i<o.length;i++)o[i].style.display=\"none\";for(i=0;i<a.length;i++)s=a[i],e.source===s.contentWindow&&(s.removeAttribute(\"style\"),\"height\"===t.message?(1e3<(r=parseInt(t.value,10))?r=1e3:~~r<200&&(r=200),s.height=r):\"link\"===t.message&&(r=new URL(s.getAttribute(\"src\")),n=new URL(t.value),c.test(n.protocol))&&n.host===r.host&&l.activeElement===s&&(d.top.location.href=t.value))}},d.addEventListener(\"message\",d.wp.receiveEmbedMessage,!1),l.addEventListener(\"DOMContentLoaded\",function(){for(var e,t,s=l.querySelectorAll(\"iframe.wp-embedded-content\"),r=0;r<s.length;r++)(t=(e=s[r]).getAttribute(\"data-secret\"))||(t=Math.random().toString(36).substring(2,12),e.src+=\"#?secret=\"+t,e.setAttribute(\"data-secret\",t)),e.contentWindow.postMessage({message:\"ready\",secret:t},\"*\")},!1)))}(window,document);\n\/* ]]> *\/\n<\/script>\n","thumbnail_url":"https:\/\/a2c.quebec\/wp-content\/uploads\/2023\/01\/plateau-de-tournage-eco-1.png","thumbnail_width":764,"thumbnail_height":313,"description":"Vous r\u00eavez d\u2019un plateau \u00e9coresponsable, mais vous ne savez par o\u00f9 commencer ? Vous cherchez des solutions concr\u00e8tes \u00e0 appliquer lors d\u2019un tournage ?&nbsp; &nbsp; &nbsp;Cette formation d\u2019une dur\u00e9e de neuf heures vous permettra d\u2019acqu\u00e9rir les connaissances pour b\u00e2tir un plan vert pour vos productions audiovisuelles. Elle vous propose des outils pour implanter des mesures [&hellip;]"}