{"version":"1.0","provider_name":"A2C | Association des Agences de Communication Cr\u00e9ative","provider_url":"https:\/\/a2c.quebec\/en\/","author_name":"ep-admin","author_url":"https:\/\/a2c.quebec\/en\/author\/ep-admin\/","title":"Imm\u00e9dia - A2C | Association des Agences de Communication Cr\u00e9ative","type":"rich","width":600,"height":338,"html":"<blockquote class=\"wp-embedded-content\" data-secret=\"ecq1lK0w4G\"><a href=\"https:\/\/a2c.quebec\/en\/evenements\/immedia\/\">Imm\u00e9dia<\/a><\/blockquote><iframe sandbox=\"allow-scripts\" security=\"restricted\" src=\"https:\/\/a2c.quebec\/en\/evenements\/immedia\/embed\/#?secret=ecq1lK0w4G\" width=\"600\" height=\"338\" title=\"&#8220;Imm\u00e9dia&#8221; &#8212; A2C | Association des Agences de Communication Cr\u00e9ative\" data-secret=\"ecq1lK0w4G\" frameborder=\"0\" marginwidth=\"0\" marginheight=\"0\" scrolling=\"no\" class=\"wp-embedded-content\"><\/iframe><script type=\"text\/javascript\">\n\/* <![CDATA[ *\/\n\/*! This file is auto-generated *\/\n!function(d,l){\"use strict\";l.querySelector&&d.addEventListener&&\"undefined\"!=typeof URL&&(d.wp=d.wp||{},d.wp.receiveEmbedMessage||(d.wp.receiveEmbedMessage=function(e){var t=e.data;if((t||t.secret||t.message||t.value)&&!\/[^a-zA-Z0-9]\/.test(t.secret)){for(var s,r,n,a=l.querySelectorAll('iframe[data-secret=\"'+t.secret+'\"]'),o=l.querySelectorAll('blockquote[data-secret=\"'+t.secret+'\"]'),c=new RegExp(\"^https?:$\",\"i\"),i=0;i<o.length;i++)o[i].style.display=\"none\";for(i=0;i<a.length;i++)s=a[i],e.source===s.contentWindow&&(s.removeAttribute(\"style\"),\"height\"===t.message?(1e3<(r=parseInt(t.value,10))?r=1e3:~~r<200&&(r=200),s.height=r):\"link\"===t.message&&(r=new URL(s.getAttribute(\"src\")),n=new URL(t.value),c.test(n.protocol))&&n.host===r.host&&l.activeElement===s&&(d.top.location.href=t.value))}},d.addEventListener(\"message\",d.wp.receiveEmbedMessage,!1),l.addEventListener(\"DOMContentLoaded\",function(){for(var e,t,s=l.querySelectorAll(\"iframe.wp-embedded-content\"),r=0;r<s.length;r++)(t=(e=s[r]).getAttribute(\"data-secret\"))||(t=Math.random().toString(36).substring(2,12),e.src+=\"#?secret=\"+t,e.setAttribute(\"data-secret\",t)),e.contentWindow.postMessage({message:\"ready\",secret:t},\"*\")},!1)))}(window,document);\n\/* ]]> *\/\n<\/script>\n","thumbnail_url":"https:\/\/a2c.quebec\/wp-content\/uploads\/2022\/08\/immediaweb-e1702395824279.png","thumbnail_width":1890,"thumbnail_height":836,"description":"Le 22 septembre prochain se tiendra Imm\u00e9dia, le rassemblement m\u00e9dia d\u2019ici. Agences, annonceurs, m\u00e9dias, repr\u00e9sentants et fournisseurs sont invit\u00e9s \u00e0 se joindre en grand nombre \u00e0 cet \u00e9v\u00e9nement propuls\u00e9 par l\u2019A2C, qui mettra \u00e0 l\u2019honneur le savoir-faire de cette discipline. &nbsp; Cette journ\u00e9e de conf\u00e9rences permettra d&#8217;approfondir de grandes th\u00e9matiques touchant les pratiques d\u2019affaires actuelles [&hellip;]"}