{"version":"1.0","provider_name":"A2C | Association des Agences de Communication Cr\u00e9ative","provider_url":"https:\/\/a2c.quebec\/en\/","author_name":"A2C | Association des Agences de Communication Cr\u00e9ative","author_url":"https:\/\/a2c.quebec\/en\/","title":"La FACTRY - Leadership cr\u00e9atif - A2C | Association des Agences de Communication Cr\u00e9ative","type":"rich","width":600,"height":338,"html":"<blockquote class=\"wp-embedded-content\" data-secret=\"RxfiOJfEoZ\"><a href=\"https:\/\/a2c.quebec\/en\/evenements\/la-factry-leadership-creatif-2\/\">La FACTRY &#8211; Leadership cr\u00e9atif<\/a><\/blockquote><iframe sandbox=\"allow-scripts\" security=\"restricted\" src=\"https:\/\/a2c.quebec\/en\/evenements\/la-factry-leadership-creatif-2\/embed\/#?secret=RxfiOJfEoZ\" width=\"600\" height=\"338\" title=\"&#8220;La FACTRY &#8211; Leadership cr\u00e9atif&#8221; &#8212; A2C | Association des Agences de Communication Cr\u00e9ative\" data-secret=\"RxfiOJfEoZ\" frameborder=\"0\" marginwidth=\"0\" marginheight=\"0\" scrolling=\"no\" class=\"wp-embedded-content\"><\/iframe><script type=\"text\/javascript\">\n\/* <![CDATA[ *\/\n\/*! This file is auto-generated *\/\n!function(d,l){\"use strict\";l.querySelector&&d.addEventListener&&\"undefined\"!=typeof URL&&(d.wp=d.wp||{},d.wp.receiveEmbedMessage||(d.wp.receiveEmbedMessage=function(e){var t=e.data;if((t||t.secret||t.message||t.value)&&!\/[^a-zA-Z0-9]\/.test(t.secret)){for(var s,r,n,a=l.querySelectorAll('iframe[data-secret=\"'+t.secret+'\"]'),o=l.querySelectorAll('blockquote[data-secret=\"'+t.secret+'\"]'),c=new RegExp(\"^https?:$\",\"i\"),i=0;i<o.length;i++)o[i].style.display=\"none\";for(i=0;i<a.length;i++)s=a[i],e.source===s.contentWindow&&(s.removeAttribute(\"style\"),\"height\"===t.message?(1e3<(r=parseInt(t.value,10))?r=1e3:~~r<200&&(r=200),s.height=r):\"link\"===t.message&&(r=new URL(s.getAttribute(\"src\")),n=new URL(t.value),c.test(n.protocol))&&n.host===r.host&&l.activeElement===s&&(d.top.location.href=t.value))}},d.addEventListener(\"message\",d.wp.receiveEmbedMessage,!1),l.addEventListener(\"DOMContentLoaded\",function(){for(var e,t,s=l.querySelectorAll(\"iframe.wp-embedded-content\"),r=0;r<s.length;r++)(t=(e=s[r]).getAttribute(\"data-secret\"))||(t=Math.random().toString(36).substring(2,12),e.src+=\"#?secret=\"+t,e.setAttribute(\"data-secret\",t)),e.contentWindow.postMessage({message:\"ready\",secret:t},\"*\")},!1)))}(window,document);\n\/* ]]> *\/\n<\/script>\n","thumbnail_url":"https:\/\/a2c.quebec\/wp-content\/uploads\/2016\/12\/63.png","thumbnail_width":500,"thumbnail_height":333,"description":"Forte du succ\u00e8s de cet automne, La FACTRY vous invite \u00e0 vous inscrire \u00e0 la deuxi\u00e8me cohorte de son cours Leadership cr\u00e9atif, qui sera offert d\u00e8s le 24 janvier 2017. Les membres de l\u2019A2C b\u00e9n\u00e9ficient d&#8217;un rabais de 10 % pour y participer. &nbsp; \u00c0 travers diff\u00e9rents ateliers pratiques, \u00e9changes et exp\u00e9riences, ce cours a [&hellip;]"}