{"version":"1.0","provider_name":"A2C | Association des Agences de Communication Cr\u00e9ative","provider_url":"https:\/\/a2c.quebec\/en\/","author_name":"A2C | Association des Agences de Communication Cr\u00e9ative","author_url":"https:\/\/a2c.quebec\/en\/","title":"Leadership et impact social | La Factry - A2C | Association des Agences de Communication Cr\u00e9ative","type":"rich","width":600,"height":338,"html":"<blockquote class=\"wp-embedded-content\" data-secret=\"hCopRggi8n\"><a href=\"https:\/\/a2c.quebec\/en\/evenements\/leadership-et-impact-social-la-factry\/\">Leadership et impact social | La Factry<\/a><\/blockquote><iframe sandbox=\"allow-scripts\" security=\"restricted\" src=\"https:\/\/a2c.quebec\/en\/evenements\/leadership-et-impact-social-la-factry\/embed\/#?secret=hCopRggi8n\" width=\"600\" height=\"338\" title=\"&#8220;Leadership et impact social | La Factry&#8221; &#8212; A2C | Association des Agences de Communication Cr\u00e9ative\" data-secret=\"hCopRggi8n\" frameborder=\"0\" marginwidth=\"0\" marginheight=\"0\" scrolling=\"no\" class=\"wp-embedded-content\"><\/iframe><script type=\"text\/javascript\">\n\/* <![CDATA[ *\/\n\/*! This file is auto-generated *\/\n!function(d,l){\"use strict\";l.querySelector&&d.addEventListener&&\"undefined\"!=typeof URL&&(d.wp=d.wp||{},d.wp.receiveEmbedMessage||(d.wp.receiveEmbedMessage=function(e){var t=e.data;if((t||t.secret||t.message||t.value)&&!\/[^a-zA-Z0-9]\/.test(t.secret)){for(var s,r,n,a=l.querySelectorAll('iframe[data-secret=\"'+t.secret+'\"]'),o=l.querySelectorAll('blockquote[data-secret=\"'+t.secret+'\"]'),c=new RegExp(\"^https?:$\",\"i\"),i=0;i<o.length;i++)o[i].style.display=\"none\";for(i=0;i<a.length;i++)s=a[i],e.source===s.contentWindow&&(s.removeAttribute(\"style\"),\"height\"===t.message?(1e3<(r=parseInt(t.value,10))?r=1e3:~~r<200&&(r=200),s.height=r):\"link\"===t.message&&(r=new URL(s.getAttribute(\"src\")),n=new URL(t.value),c.test(n.protocol))&&n.host===r.host&&l.activeElement===s&&(d.top.location.href=t.value))}},d.addEventListener(\"message\",d.wp.receiveEmbedMessage,!1),l.addEventListener(\"DOMContentLoaded\",function(){for(var e,t,s=l.querySelectorAll(\"iframe.wp-embedded-content\"),r=0;r<s.length;r++)(t=(e=s[r]).getAttribute(\"data-secret\"))||(t=Math.random().toString(36).substring(2,12),e.src+=\"#?secret=\"+t,e.setAttribute(\"data-secret\",t)),e.contentWindow.postMessage({message:\"ready\",secret:t},\"*\")},!1)))}(window,document);\n\/* ]]> *\/\n<\/script>\n","thumbnail_url":"https:\/\/a2c.quebec\/wp-content\/uploads\/2020\/03\/factry-visuelimpactsocial.jpg","thumbnail_width":1250,"thumbnail_height":625,"description":"Concilier profit, valeurs, durabilit\u00e9 et cr\u00e9ativit\u00e9. &nbsp; La poursuite du profit au d\u00e9triment de la collectivit\u00e9 et de l\u2019environnement n\u2019a plus sa place. Le monde de demain appartient aux entreprises et organisations qui mettent leur cr\u00e9ativit\u00e9 au service de la cr\u00e9ation de valeur collective. D\u00e9veloppez une meilleure compr\u00e9hension de la notion d\u2019impact social, identifiez vos [&hellip;]"}