{"version":"1.0","provider_name":"A2C | Association des Agences de Communication Cr\u00e9ative","provider_url":"https:\/\/a2c.quebec\/en\/","author_name":"No\u00e9mie B\u00e9dard","author_url":"https:\/\/a2c.quebec\/en\/author\/n-bedard\/","title":"Les Id\u00e9a s\u2019invitent \u00e0 HEC Montr\u00e9al - A2C | Association des Agences de Communication Cr\u00e9ative","type":"rich","width":600,"height":338,"html":"<blockquote class=\"wp-embedded-content\" data-secret=\"tGTvZXUH2M\"><a href=\"https:\/\/a2c.quebec\/en\/evenements\/les-idea-sinvitent-a-hec-montreal-2\/\">Les Id\u00e9a s\u2019invitent \u00e0 HEC Montr\u00e9al<\/a><\/blockquote><iframe sandbox=\"allow-scripts\" security=\"restricted\" src=\"https:\/\/a2c.quebec\/en\/evenements\/les-idea-sinvitent-a-hec-montreal-2\/embed\/#?secret=tGTvZXUH2M\" width=\"600\" height=\"338\" title=\"&#8220;Les Id\u00e9a s\u2019invitent \u00e0 HEC Montr\u00e9al&#8221; &#8212; A2C | Association des Agences de Communication Cr\u00e9ative\" data-secret=\"tGTvZXUH2M\" frameborder=\"0\" marginwidth=\"0\" marginheight=\"0\" scrolling=\"no\" class=\"wp-embedded-content\"><\/iframe><script type=\"text\/javascript\">\n\/* <![CDATA[ *\/\n\/*! This file is auto-generated *\/\n!function(d,l){\"use strict\";l.querySelector&&d.addEventListener&&\"undefined\"!=typeof URL&&(d.wp=d.wp||{},d.wp.receiveEmbedMessage||(d.wp.receiveEmbedMessage=function(e){var t=e.data;if((t||t.secret||t.message||t.value)&&!\/[^a-zA-Z0-9]\/.test(t.secret)){for(var s,r,n,a=l.querySelectorAll('iframe[data-secret=\"'+t.secret+'\"]'),o=l.querySelectorAll('blockquote[data-secret=\"'+t.secret+'\"]'),c=new RegExp(\"^https?:$\",\"i\"),i=0;i<o.length;i++)o[i].style.display=\"none\";for(i=0;i<a.length;i++)s=a[i],e.source===s.contentWindow&&(s.removeAttribute(\"style\"),\"height\"===t.message?(1e3<(r=parseInt(t.value,10))?r=1e3:~~r<200&&(r=200),s.height=r):\"link\"===t.message&&(r=new URL(s.getAttribute(\"src\")),n=new URL(t.value),c.test(n.protocol))&&n.host===r.host&&l.activeElement===s&&(d.top.location.href=t.value))}},d.addEventListener(\"message\",d.wp.receiveEmbedMessage,!1),l.addEventListener(\"DOMContentLoaded\",function(){for(var e,t,s=l.querySelectorAll(\"iframe.wp-embedded-content\"),r=0;r<s.length;r++)(t=(e=s[r]).getAttribute(\"data-secret\"))||(t=Math.random().toString(36).substring(2,12),e.src+=\"#?secret=\"+t,e.setAttribute(\"data-secret\",t)),e.contentWindow.postMessage({message:\"ready\",secret:t},\"*\")},!1)))}(window,document);\n\/* ]]> *\/\n<\/script>\n","thumbnail_url":"https:\/\/a2c.quebec\/wp-content\/uploads\/2023\/10\/visuel_conference-hec.png","thumbnail_width":1400,"thumbnail_height":630,"description":"L\u2019A2C est heureuse de donner le coup d\u2019envoi \u00e0 la 2e \u00e9dition de la Semaine marketing de l\u2019Association Marketing de HEC Montr\u00e9al, avec une soir\u00e9e qui mettra \u00e0 l\u2019honneur les laur\u00e9at.es de la derni\u00e8re \u00e9dition du concours Id\u00e9a. Dominique Villeneuve, pr\u00e9sidente-directrice g\u00e9n\u00e9rale de l\u2019A2C, s\u2019entretiendra avec les artisans derri\u00e8re certains des Grands Prix 2023, soit [&hellip;]"}