{"version":"1.0","provider_name":"A2C | Association des Agences de Communication Cr\u00e9ative","provider_url":"https:\/\/a2c.quebec\/en\/","author_name":"A2C | Association des Agences de Communication Cr\u00e9ative","author_url":"https:\/\/a2c.quebec\/en\/","title":"Perceptions des consommateurs sur la publicit\u00e9 en 2016 - A2C | Association des Agences de Communication Cr\u00e9ative","type":"rich","width":600,"height":338,"html":"<blockquote class=\"wp-embedded-content\" data-secret=\"JywAusu2Mb\"><a href=\"https:\/\/a2c.quebec\/en\/evenements\/perceptions-des-consommateurs-sur-la-publicite-en-2016\/\">Perceptions des consommateurs sur la publicit\u00e9 en 2016<\/a><\/blockquote><iframe sandbox=\"allow-scripts\" security=\"restricted\" src=\"https:\/\/a2c.quebec\/en\/evenements\/perceptions-des-consommateurs-sur-la-publicite-en-2016\/embed\/#?secret=JywAusu2Mb\" width=\"600\" height=\"338\" title=\"&#8220;Perceptions des consommateurs sur la publicit\u00e9 en 2016&#8221; &#8212; A2C | Association des Agences de Communication Cr\u00e9ative\" data-secret=\"JywAusu2Mb\" frameborder=\"0\" marginwidth=\"0\" marginheight=\"0\" scrolling=\"no\" class=\"wp-embedded-content\"><\/iframe><script type=\"text\/javascript\">\n\/* <![CDATA[ *\/\n\/*! This file is auto-generated *\/\n!function(d,l){\"use strict\";l.querySelector&&d.addEventListener&&\"undefined\"!=typeof URL&&(d.wp=d.wp||{},d.wp.receiveEmbedMessage||(d.wp.receiveEmbedMessage=function(e){var t=e.data;if((t||t.secret||t.message||t.value)&&!\/[^a-zA-Z0-9]\/.test(t.secret)){for(var s,r,n,a=l.querySelectorAll('iframe[data-secret=\"'+t.secret+'\"]'),o=l.querySelectorAll('blockquote[data-secret=\"'+t.secret+'\"]'),c=new RegExp(\"^https?:$\",\"i\"),i=0;i<o.length;i++)o[i].style.display=\"none\";for(i=0;i<a.length;i++)s=a[i],e.source===s.contentWindow&&(s.removeAttribute(\"style\"),\"height\"===t.message?(1e3<(r=parseInt(t.value,10))?r=1e3:~~r<200&&(r=200),s.height=r):\"link\"===t.message&&(r=new URL(s.getAttribute(\"src\")),n=new URL(t.value),c.test(n.protocol))&&n.host===r.host&&l.activeElement===s&&(d.top.location.href=t.value))}},d.addEventListener(\"message\",d.wp.receiveEmbedMessage,!1),l.addEventListener(\"DOMContentLoaded\",function(){for(var e,t,s=l.querySelectorAll(\"iframe.wp-embedded-content\"),r=0;r<s.length;r++)(t=(e=s[r]).getAttribute(\"data-secret\"))||(t=Math.random().toString(36).substring(2,12),e.src+=\"#?secret=\"+t,e.setAttribute(\"data-secret\",t)),e.contentWindow.postMessage({message:\"ready\",secret:t},\"*\")},!1)))}(window,document);\n\/* ]]> *\/\n<\/script>\n","thumbnail_url":"https:\/\/a2c.quebec\/wp-content\/uploads\/2016\/05\/publicite-ncp-a2c-1024x1024.jpg","thumbnail_width":1024,"thumbnail_height":1024,"description":"Ne ratez pas l\u2019\u00e9v\u00e9nement Perceptions des consommateurs sur la publicit\u00e9 en 2016, offert conjointement par Les normes canadiennes de la publicit\u00e9 (NCP) et l\u2019A2C, afin de vous mettre au fait des plus r\u00e9centes donn\u00e9es en la mati\u00e8re, notamment par rapport au sexisme en publicit\u00e9. &nbsp; Questions abord\u00e9es durant la conf\u00e9rence Comment per\u00e7oivent-ils g\u00e9n\u00e9ralement les publicit\u00e9s [&hellip;]"}