{"version":"1.0","provider_name":"A2C | Association des Agences de Communication Cr\u00e9ative","provider_url":"https:\/\/a2c.quebec\/en\/","author_name":"\u00c9lise Agrapart","author_url":"https:\/\/a2c.quebec\/en\/author\/e-agrapart\/","title":"Portes ouvertes en agence 2026 - A2C | Association des Agences de Communication Cr\u00e9ative","type":"rich","width":600,"height":338,"html":"<blockquote class=\"wp-embedded-content\" data-secret=\"KmfGZ85PFY\"><a href=\"https:\/\/a2c.quebec\/en\/evenements\/portes-ouvertes-en-agence-2026\/\">Portes ouvertes en agence 2026<\/a><\/blockquote><iframe sandbox=\"allow-scripts\" security=\"restricted\" src=\"https:\/\/a2c.quebec\/en\/evenements\/portes-ouvertes-en-agence-2026\/embed\/#?secret=KmfGZ85PFY\" width=\"600\" height=\"338\" title=\"&#8220;Portes ouvertes en agence 2026&#8221; &#8212; A2C | Association des Agences de Communication Cr\u00e9ative\" data-secret=\"KmfGZ85PFY\" frameborder=\"0\" marginwidth=\"0\" marginheight=\"0\" scrolling=\"no\" class=\"wp-embedded-content\"><\/iframe><script type=\"text\/javascript\">\n\/* <![CDATA[ *\/\n\/*! This file is auto-generated *\/\n!function(d,l){\"use strict\";l.querySelector&&d.addEventListener&&\"undefined\"!=typeof URL&&(d.wp=d.wp||{},d.wp.receiveEmbedMessage||(d.wp.receiveEmbedMessage=function(e){var t=e.data;if((t||t.secret||t.message||t.value)&&!\/[^a-zA-Z0-9]\/.test(t.secret)){for(var s,r,n,a=l.querySelectorAll('iframe[data-secret=\"'+t.secret+'\"]'),o=l.querySelectorAll('blockquote[data-secret=\"'+t.secret+'\"]'),c=new RegExp(\"^https?:$\",\"i\"),i=0;i<o.length;i++)o[i].style.display=\"none\";for(i=0;i<a.length;i++)s=a[i],e.source===s.contentWindow&&(s.removeAttribute(\"style\"),\"height\"===t.message?(1e3<(r=parseInt(t.value,10))?r=1e3:~~r<200&&(r=200),s.height=r):\"link\"===t.message&&(r=new URL(s.getAttribute(\"src\")),n=new URL(t.value),c.test(n.protocol))&&n.host===r.host&&l.activeElement===s&&(d.top.location.href=t.value))}},d.addEventListener(\"message\",d.wp.receiveEmbedMessage,!1),l.addEventListener(\"DOMContentLoaded\",function(){for(var e,t,s=l.querySelectorAll(\"iframe.wp-embedded-content\"),r=0;r<s.length;r++)(t=(e=s[r]).getAttribute(\"data-secret\"))||(t=Math.random().toString(36).substring(2,12),e.src+=\"#?secret=\"+t,e.setAttribute(\"data-secret\",t)),e.contentWindow.postMessage({message:\"ready\",secret:t},\"*\")},!1)))}(window,document);\n\/* ]]> *\/\n<\/script>\n","thumbnail_url":"http:\/\/a2c.quebec\/wp-content\/uploads\/2025\/11\/A2C-PO2026-SiteWeb-1400x630-1.png","thumbnail_width":1400,"thumbnail_height":630,"description":"La journ\u00e9e Portes ouvertes en agence est de retour pour une 18e\u00a0\u00e9dition! Le vendredi 13 f\u00e9vrier 2026, des agences de communication \u00e0 travers le Qu\u00e9bec ouvriront leurs portes aux \u00e9tudiant.es de niveaux coll\u00e9gial et universitaire afin de leur faire d\u00e9couvrir leur monde de l&#8217;int\u00e9rieur. L&#8217;\u00e9v\u00e9nement est complet Nous mettons en place une liste d&#8217;attente, en [&hellip;]"}