{"version":"1.0","provider_name":"A2C | Association des Agences de Communication Cr\u00e9ative","provider_url":"https:\/\/a2c.quebec\/en\/","author_name":"A2C | Association des Agences de Communication Cr\u00e9ative","author_url":"https:\/\/a2c.quebec\/en\/","title":"Pr\u00e9sentation du Manifeste pour des pratiques m\u00e9dias responsables - A2C | Association des Agences de Communication Cr\u00e9ative","type":"rich","width":600,"height":338,"html":"<blockquote class=\"wp-embedded-content\" data-secret=\"aCG4OIGZ1m\"><a href=\"https:\/\/a2c.quebec\/en\/evenements\/presentation-du-manifeste-pour-des-pratiques-medias-responsables\/\">Pr\u00e9sentation du Manifeste pour des pratiques m\u00e9dias responsables<\/a><\/blockquote><iframe sandbox=\"allow-scripts\" security=\"restricted\" src=\"https:\/\/a2c.quebec\/en\/evenements\/presentation-du-manifeste-pour-des-pratiques-medias-responsables\/embed\/#?secret=aCG4OIGZ1m\" width=\"600\" height=\"338\" title=\"&#8220;Pr\u00e9sentation du Manifeste pour des pratiques m\u00e9dias responsables&#8221; &#8212; A2C | Association des Agences de Communication Cr\u00e9ative\" data-secret=\"aCG4OIGZ1m\" frameborder=\"0\" marginwidth=\"0\" marginheight=\"0\" scrolling=\"no\" class=\"wp-embedded-content\"><\/iframe><script type=\"text\/javascript\">\n\/* <![CDATA[ *\/\n\/*! This file is auto-generated *\/\n!function(d,l){\"use strict\";l.querySelector&&d.addEventListener&&\"undefined\"!=typeof URL&&(d.wp=d.wp||{},d.wp.receiveEmbedMessage||(d.wp.receiveEmbedMessage=function(e){var t=e.data;if((t||t.secret||t.message||t.value)&&!\/[^a-zA-Z0-9]\/.test(t.secret)){for(var s,r,n,a=l.querySelectorAll('iframe[data-secret=\"'+t.secret+'\"]'),o=l.querySelectorAll('blockquote[data-secret=\"'+t.secret+'\"]'),c=new RegExp(\"^https?:$\",\"i\"),i=0;i<o.length;i++)o[i].style.display=\"none\";for(i=0;i<a.length;i++)s=a[i],e.source===s.contentWindow&&(s.removeAttribute(\"style\"),\"height\"===t.message?(1e3<(r=parseInt(t.value,10))?r=1e3:~~r<200&&(r=200),s.height=r):\"link\"===t.message&&(r=new URL(s.getAttribute(\"src\")),n=new URL(t.value),c.test(n.protocol))&&n.host===r.host&&l.activeElement===s&&(d.top.location.href=t.value))}},d.addEventListener(\"message\",d.wp.receiveEmbedMessage,!1),l.addEventListener(\"DOMContentLoaded\",function(){for(var e,t,s=l.querySelectorAll(\"iframe.wp-embedded-content\"),r=0;r<s.length;r++)(t=(e=s[r]).getAttribute(\"data-secret\"))||(t=Math.random().toString(36).substring(2,12),e.src+=\"#?secret=\"+t,e.setAttribute(\"data-secret\",t)),e.contentWindow.postMessage({message:\"ready\",secret:t},\"*\")},!1)))}(window,document);\n\/* ]]> *\/\n<\/script>\n","thumbnail_url":"https:\/\/a2c.quebec\/wp-content\/uploads\/2020\/05\/person-holding-white-ceramic-mug-beside-macbook-pro-3787300.jpg","thumbnail_width":2000,"thumbnail_height":951,"description":"La situation actuelle des m\u00e9dias est pr\u00e9occupante et comme discut\u00e9 lors de notre&nbsp;Sommet des dirigeants&nbsp;\u00e0 l\u2019automne dernier, notre industrie a une responsabilit\u00e9.&nbsp; &nbsp; C\u2019est pourquoi l\u2019A2C et le CDMQ ont d\u00e9velopp\u00e9 un manifeste se voulant un cri de ralliement pendant cette crise sans pr\u00e9c\u00e9dent pour appuyer les m\u00e9dias d\u2019ici. L\u2019ambition est grande, quantifi\u00e9e et surtout [&hellip;]"}