{"version":"1.0","provider_name":"A2C | Association des Agences de Communication Cr\u00e9ative","provider_url":"https:\/\/a2c.quebec\/en\/","author_name":"A2C | Association des Agences de Communication Cr\u00e9ative","author_url":"https:\/\/a2c.quebec\/en\/","title":"RDV Marketing d'Infopresse - A2C | Association des Agences de Communication Cr\u00e9ative","type":"rich","width":600,"height":338,"html":"<blockquote class=\"wp-embedded-content\" data-secret=\"a7IgGcyDdm\"><a href=\"https:\/\/a2c.quebec\/en\/evenements\/rdv-marketing-dinfopresse-2\/\">RDV Marketing d&#8217;Infopresse<\/a><\/blockquote><iframe sandbox=\"allow-scripts\" security=\"restricted\" src=\"https:\/\/a2c.quebec\/en\/evenements\/rdv-marketing-dinfopresse-2\/embed\/#?secret=a7IgGcyDdm\" width=\"600\" height=\"338\" title=\"&#8220;RDV Marketing d&#8217;Infopresse&#8221; &#8212; A2C | Association des Agences de Communication Cr\u00e9ative\" data-secret=\"a7IgGcyDdm\" frameborder=\"0\" marginwidth=\"0\" marginheight=\"0\" scrolling=\"no\" class=\"wp-embedded-content\"><\/iframe><script type=\"text\/javascript\">\n\/* <![CDATA[ *\/\n\/*! This file is auto-generated *\/\n!function(d,l){\"use strict\";l.querySelector&&d.addEventListener&&\"undefined\"!=typeof URL&&(d.wp=d.wp||{},d.wp.receiveEmbedMessage||(d.wp.receiveEmbedMessage=function(e){var t=e.data;if((t||t.secret||t.message||t.value)&&!\/[^a-zA-Z0-9]\/.test(t.secret)){for(var s,r,n,a=l.querySelectorAll('iframe[data-secret=\"'+t.secret+'\"]'),o=l.querySelectorAll('blockquote[data-secret=\"'+t.secret+'\"]'),c=new RegExp(\"^https?:$\",\"i\"),i=0;i<o.length;i++)o[i].style.display=\"none\";for(i=0;i<a.length;i++)s=a[i],e.source===s.contentWindow&&(s.removeAttribute(\"style\"),\"height\"===t.message?(1e3<(r=parseInt(t.value,10))?r=1e3:~~r<200&&(r=200),s.height=r):\"link\"===t.message&&(r=new URL(s.getAttribute(\"src\")),n=new URL(t.value),c.test(n.protocol))&&n.host===r.host&&l.activeElement===s&&(d.top.location.href=t.value))}},d.addEventListener(\"message\",d.wp.receiveEmbedMessage,!1),l.addEventListener(\"DOMContentLoaded\",function(){for(var e,t,s=l.querySelectorAll(\"iframe.wp-embedded-content\"),r=0;r<s.length;r++)(t=(e=s[r]).getAttribute(\"data-secret\"))||(t=Math.random().toString(36).substring(2,12),e.src+=\"#?secret=\"+t,e.setAttribute(\"data-secret\",t)),e.contentWindow.postMessage({message:\"ready\",secret:t},\"*\")},!1)))}(window,document);\n\/* ]]> *\/\n<\/script>\n","thumbnail_url":"https:\/\/a2c.quebec\/wp-content\/uploads\/2015\/11\/rdv-marketing16-aapq-500-4.jpg","thumbnail_width":145,"thumbnail_height":145,"description":"Le sommet des marques et des communications &nbsp; Pour sa troisi\u00e8me \u00e9dition, le RDV Marketing poursuit sa vis\u00e9e d\u2019inspirer les d\u00e9cideurs en marketing par rapport aux meilleures pratiques de l\u2019industrie et enjeux qui modifient les modes de communication, de gestion et d\u2019interaction. &nbsp; Joignez-vous \u00e0 eux et b\u00e9n\u00e9ficiez d&#8217;un tarif r\u00e9duit \u00e0 titre de membre [&hellip;]"}